





























{"id":4088,"date":"2026-04-27T11:27:22","date_gmt":"2026-04-27T14:27:22","guid":{"rendered":"https:\/\/delosarroyos.com\/tienda\/?post_type=product&#038;p=4088"},"modified":"2026-04-27T11:49:38","modified_gmt":"2026-04-27T14:49:38","slug":"split-midea-4601-kcal-h-msnic18hgn81f-inverter","status":"publish","type":"product","link":"https:\/\/delosarroyos.com\/tienda\/producto\/split-midea-4601-kcal-h-msnic18hgn81f-inverter\/","title":{"rendered":"SPLIT MIDEA 4601 KCAL\/H MSNIC18HGN81F INVERTER"},"content":{"rendered":"<ul>\n<li><span class=\"spec-label\">Capacidad nominal refrigeraci\u00f3n (kW)<\/span><a class=\"spec-val\">5.35<\/a><\/li>\n<li><span class=\"spec-label\">Capacidad nominal calefacci\u00f3n (kW)<\/span><a class=\"spec-val\">5.5<\/a><\/li>\n<li><span class=\"spec-label\">Capacidad nominal refrigeraci\u00f3n (kcal\/h)<\/span><a class=\"spec-val\">4601<\/a><\/li>\n<li><span class=\"spec-label\">Capacidad nominal calefacci\u00f3n (kcal\/h)<\/span><a class=\"spec-val\">4730<\/a><\/li>\n<li><span class=\"spec-label\">Consumo el\u00e9ctrico en Refrigeraci\u00f3n (kW)<\/span><a class=\"spec-val\">1.47<\/a><\/li>\n<li><span class=\"spec-label\">Consumo el\u00e9ctrico en Calefacci\u00f3n (kW)<\/span><a class=\"spec-val\">1.52<\/a><\/li>\n<li><span class=\"spec-label\">Corriente nominal en Refrigeraci\u00f3n (A)<\/span><a class=\"spec-val\">6.76<\/a><\/li>\n<li><span class=\"spec-label\">Corriente nominal en Calefacci\u00f3n (A)<\/span><a class=\"spec-val\">6.98<\/a><\/li>\n<li><span class=\"spec-label\">Consumo de energ\u00eda kWh\/a\u00f1o Refrigeraci\u00f3n<\/span><a class=\"spec-val\">365<\/a><\/li>\n<li><span class=\"spec-label\">Gas Refrigerante<\/span><a class=\"spec-val\">R-32<\/a><\/li>\n<li><span class=\"spec-label\">Carga de refrigerante (Kg)<\/span><a class=\"spec-val\">1.02<\/a><\/li>\n<li><span class=\"spec-label\">Dimensiones unidad interior (ancho x alto x profundidad mm)<\/span><a class=\"spec-val\">971 x 321 x 228<\/a><\/li>\n<li><span class=\"spec-label\">Dimensiones unidad exterior (ancho x alto x profundidad mm)<\/span><a class=\"spec-val\">765 x 555 x 303<\/a><\/li>\n<li><span class=\"spec-label\">Peso Neto unidad interior (Kg)<\/span><a class=\"spec-val\">11.7<\/a><\/li>\n<li><span class=\"spec-label\">Indice de eficiencia estacional en refrigeraci\u00f3n (SEER)<\/span><a class=\"spec-val\">6.28<\/a><\/li>\n<li><span class=\"spec-label\">Coeficiente de Performance en Calefacci\u00f3n (COP)<\/span><a class=\"spec-val\">3.62<\/a><\/li>\n<li><span class=\"spec-label\">Eficiencia Energ\u00e9tica en Fr\u00edo<\/span><a class=\"spec-val\">A++ (Norma: IRAM 62406:2019 &#8211; Res. ex S.I.C. y M. N\u00b0319\/99)<\/a><\/li>\n<li><span class=\"spec-label\">Eficiencia Energ\u00e9tica en Fr\u00edo<\/span><a class=\"spec-val\">B (Norma: IRAM 62406:2019 &#8211; Resoluci\u00f3n SIyC N\u00b0 438\/24)<\/a><\/li>\n<li><span class=\"spec-label\">Eficiencia Energ\u00e9tica en Calor<\/span><a class=\"spec-val\">A<\/a><\/li>\n<\/ul>\n","protected":false},"excerpt":{"rendered":"<p>Capacidad nominal refrigeraci\u00f3n (kW)5.35 Capacidad nominal calefacci\u00f3n (kW)5.5 Capacidad nominal refrigeraci\u00f3n (kcal\/h)4601 Capacidad nominal calefacci\u00f3n (kcal\/h)4730 Consumo el\u00e9ctrico en Refrigeraci\u00f3n (kW)1.47 Consumo el\u00e9ctrico en Calefacci\u00f3n (kW)1.52 Corriente nominal en Refrigeraci\u00f3n (A)6.76 Corriente nominal en Calefacci\u00f3n (A)6.98 Consumo de energ\u00eda kWh\/a\u00f1o Refrigeraci\u00f3n365 Gas RefrigeranteR-32 Carga de refrigerante (Kg)1.02 Dimensiones unidad interior (ancho x alto x profundidad [&#8230;]\n","protected":false},"featured_media":4089,"template":"","meta":[],"product_brand":[],"product_cat":[15,69,118],"product_tag":[],"class_list":{"0":"post-4088","1":"product","2":"type-product","3":"status-publish","4":"has-post-thumbnail","6":"product_cat-todos-los-productos","7":"product_cat-productos-cocinas","8":"product_cat-climatizacion","10":"first","11":"instock","12":"sold-individually","13":"shipping-taxable","14":"purchasable","15":"product-type-simple"},"_links":{"self":[{"href":"https:\/\/delosarroyos.com\/tienda\/wp-json\/wp\/v2\/product\/4088","targetHints":{"allow":["GET"]}}],"collection":[{"href":"https:\/\/delosarroyos.com\/tienda\/wp-json\/wp\/v2\/product"}],"about":[{"href":"https:\/\/delosarroyos.com\/tienda\/wp-json\/wp\/v2\/types\/product"}],"wp:featuredmedia":[{"embeddable":true,"href":"https:\/\/delosarroyos.com\/tienda\/wp-json\/wp\/v2\/media\/4089"}],"wp:attachment":[{"href":"https:\/\/delosarroyos.com\/tienda\/wp-json\/wp\/v2\/media?parent=4088"}],"wp:term":[{"taxonomy":"product_brand","embeddable":true,"href":"https:\/\/delosarroyos.com\/tienda\/wp-json\/wp\/v2\/product_brand?post=4088"},{"taxonomy":"product_cat","embeddable":true,"href":"https:\/\/delosarroyos.com\/tienda\/wp-json\/wp\/v2\/product_cat?post=4088"},{"taxonomy":"product_tag","embeddable":true,"href":"https:\/\/delosarroyos.com\/tienda\/wp-json\/wp\/v2\/product_tag?post=4088"}],"curies":[{"name":"wp","href":"https:\/\/api.w.org\/{rel}","templated":true}]}}